{"id":1847,"date":"2019-04-11T09:53:32","date_gmt":"2019-04-11T09:53:32","guid":{"rendered":"https:\/\/www.sprach-kaffee.de\/what-is-where\/jobcenter-ostenland\/"},"modified":"2019-04-18T12:20:07","modified_gmt":"2019-04-18T12:20:07","slug":"jobcenter-ostenland","status":"publish","type":"page","link":"\/en\/was-ist-wo\/jobcenter-ostenland\/","title":{"rendered":"Jobcenter Ostenland"},"content":{"rendered":"<div id='av_section_1'  class='avia-section main_color avia-section-default avia-no-border-styling avia-bg-style-scroll  avia-builder-el-0  el_before_av_one_half  avia-builder-el-first   container_wrap fullsize' style='background-color: #877f7d;  '  ><div class='container' ><main  role=\"main\" itemprop=\"mainContentOfPage\"  class='template-page content  av-content-full alpha units'><div class='post-entry post-entry-type-page post-entry-1847'><div class='entry-content-wrapper clearfix'>\n<section class=\"av_textblock_section \"  itemscope=\"itemscope\" itemtype=\"https:\/\/schema.org\/CreativeWork\" ><div class='avia_textblock  av_inherit_color '  style='color:#ffffff; '  itemprop=\"text\" ><h1>Jobcenter Ostenland<\/h1>\n<\/div><\/section>\n<\/div><\/div><\/main><!-- close content main element --><\/div><\/div><div id='after_section_1'  class='main_color av_default_container_wrap container_wrap fullsize' style=' '  ><div class='container' ><div class='template-page content  av-content-full alpha units'><div class='post-entry post-entry-type-page post-entry-1847'><div class='entry-content-wrapper clearfix'><div class=\"flex_column av_one_half  flex_column_div av-zero-column-padding first  avia-builder-el-2  el_after_av_section  el_before_av_one_half  avia-builder-el-first  \" style='border-radius:0px; '><section class=\"av_textblock_section \"  itemscope=\"itemscope\" itemtype=\"https:\/\/schema.org\/CreativeWork\" ><div class='avia_textblock  '   itemprop=\"text\" ><p>Das Jobcenter k\u00fcmmert sich um die Arbeitsplatzvermittlung und um Geldleistungen.<\/p>\n<p class=\"western\"><span style=\"font-size: medium;\">Das Jobcenter bearbeitet hier auch die Antr\u00e4ge. Nach der erfolgreichen Bearbeitung der Antr\u00e4ge kann man hier die Unterlagen f\u00fcr die reduzierte Bus und Bahnkarte oder aber den Zettel f\u00fcr Brot und Mehr erhalten. Das Bildungs- und Teilhabe Paket f\u00fcr die Kinder sollte man auch gleich mit beantragen.<\/span><\/p>\n<\/div><\/section><\/div><div class=\"flex_column av_one_half  flex_column_div av-zero-column-padding   avia-builder-el-4  el_after_av_one_half  el_before_av_one_full  \" style='border-radius:0px; '><div  class='avia-image-container  av-styling-    avia-builder-el-5  avia-builder-el-no-sibling  avia-align-center '  itemprop=\"image\" itemscope=\"itemscope\" itemtype=\"https:\/\/schema.org\/ImageObject\"  ><div class='avia-image-container-inner'><div class='avia-image-overlay-wrap'><img class='avia_image' src='\/dm-wp-content\/uploads\/Jobcenter-Ostenland-300px-102.jpg' alt='' title='Jobcenter Ostenland 300px-102' height=\"300\" width=\"739\"  itemprop=\"thumbnailUrl\"  \/><\/div><\/div><\/div><\/div><div class=\"flex_column av_one_full  flex_column_div av-zero-column-padding first  avia-builder-el-6  el_after_av_one_half  el_before_av_one_third  column-top-margin\" style='border-radius:0px; '><section class=\"av_textblock_section \"  itemscope=\"itemscope\" itemtype=\"https:\/\/schema.org\/CreativeWork\" ><div class='avia_textblock  '   itemprop=\"text\" ><p class=\"western\"><span style=\"font-size: medium;\">Die \u00d6ffnungszeiten sind ein wenig knapp gehalten, doch normalerweise muss man hier nicht wirklich pers\u00f6nlich erscheinen. Das meiste kann telefonisch, per E-Mail oder per Post erledigt werden. <\/span><\/p>\n<\/div><\/section><\/div><div class=\"flex_column av_one_third  flex_column_div av-zero-column-padding first  avia-builder-el-8  el_after_av_one_full  el_before_av_one_third  column-top-margin\" style='border-radius:0px; '><div  class='avia-image-container  av-styling-    avia-builder-el-9  avia-builder-el-no-sibling  avia-align-center '  itemprop=\"image\" itemscope=\"itemscope\" itemtype=\"https:\/\/schema.org\/ImageObject\"  ><div class='avia-image-container-inner'><div class='avia-image-overlay-wrap'><img class='avia_image' src='\/dm-wp-content\/uploads\/Jobcenter-Ostenland-300px-103.jpg' alt='' title='Jobcenter Ostenland 300px-103' height=\"300\" width=\"432\"  itemprop=\"thumbnailUrl\"  \/><\/div><\/div><\/div><\/div><div class=\"flex_column av_one_third  flex_column_div av-zero-column-padding   avia-builder-el-10  el_after_av_one_third  el_before_av_one_third  column-top-margin\" style='border-radius:0px; '><div  class='avia-image-container  av-styling-    avia-builder-el-11  avia-builder-el-no-sibling  avia-align-center '  itemprop=\"image\" itemscope=\"itemscope\" itemtype=\"https:\/\/schema.org\/ImageObject\"  ><div class='avia-image-container-inner'><div class='avia-image-overlay-wrap'><img class='avia_image' src='\/dm-wp-content\/uploads\/Jobcenter-Ostenland-300px-105.jpg' alt='' title='Jobcenter Ostenland 300px-105' height=\"300\" width=\"442\"  itemprop=\"thumbnailUrl\"  \/><\/div><\/div><\/div><\/div><div class=\"flex_column av_one_third  flex_column_div av-zero-column-padding   avia-builder-el-12  el_after_av_one_third  el_before_av_one_full  column-top-margin\" style='border-radius:0px; '><div  class='avia-image-container  av-styling-    avia-builder-el-13  avia-builder-el-no-sibling  avia-align-center '  itemprop=\"image\" itemscope=\"itemscope\" itemtype=\"https:\/\/schema.org\/ImageObject\"  ><div class='avia-image-container-inner'><div class='avia-image-overlay-wrap'><img class='avia_image' src='\/dm-wp-content\/uploads\/Jobcenter-Ostenland-300px-104.jpg' alt='' title='Jobcenter Ostenland 300px-104' height=\"300\" width=\"400\"  itemprop=\"thumbnailUrl\"  \/><\/div><\/div><\/div><\/div><div class=\"flex_column av_one_full  flex_column_div av-zero-column-padding first  avia-builder-el-14  el_after_av_one_third  el_before_av_one_half  column-top-margin\" style='border-radius:0px; '><section class=\"av_textblock_section \"  itemscope=\"itemscope\" itemtype=\"https:\/\/schema.org\/CreativeWork\" ><div class='avia_textblock  '   itemprop=\"text\" ><p>Gerade f\u00fcr neue Antr\u00e4ge ist zu beachten, das man alle Unterlagen komplett zusammen haben sollte, bevor man diese abgibt. Hilfe bietet hier das Integrationsb\u00fcro und das Sprachkaffee.<\/p>\n<p>Der ausgef\u00fcllte Antrag ist nicht das einzige was erforderlich ist. Dazu wird noch die Mietbescheinigung ben\u00f6tigt, wird von der Gemeinde ausgef\u00fcllt, der aktuelle Aufenthaltstitel, nur als Kopie bitte. Dazu kommt noch die Anerkennungsbest\u00e4tigung, die Anmeldung bei der Krankenkasse und das Bankkonto muss eingetragen werden im Antrag.<\/p>\n<p>Mit dem Fahrrad ist der ca. 5 Kilometer lange Weg, von H\u00f6velhof zum B\u00fcro, einfach zu bew\u00e4ltigen. Die Busverbindungen dahin sind etwas Zeitaufw\u00e4ndiger.<\/p>\n<\/div><\/section><\/div><div class=\"flex_column av_one_half  flex_column_div av-zero-column-padding first  avia-builder-el-16  el_after_av_one_full  el_before_av_one_half  column-top-margin\" style='border-radius:0px; '><div  class='avia-image-container  av-styling-    avia-builder-el-17  avia-builder-el-no-sibling  avia-align-center '  itemprop=\"image\" itemscope=\"itemscope\" itemtype=\"https:\/\/schema.org\/ImageObject\"  ><div class='avia-image-container-inner'><div class='avia-image-overlay-wrap'><img class='avia_image' src='\/dm-wp-content\/uploads\/Jobcenter-Ostenland-300px-106.jpg' alt='' title='Jobcenter Ostenland 300px-106' height=\"300\" width=\"400\"  itemprop=\"thumbnailUrl\"  \/><\/div><\/div><\/div><\/div><div class=\"flex_column av_one_half  flex_column_div av-zero-column-padding   avia-builder-el-18  el_after_av_one_half  el_before_av_one_full  column-top-margin\" style='border-radius:0px; '><div  class='avia-image-container  av-styling-    avia-builder-el-19  avia-builder-el-no-sibling  avia-align-center '  itemprop=\"image\" itemscope=\"itemscope\" itemtype=\"https:\/\/schema.org\/ImageObject\"  ><div class='avia-image-container-inner'><div class='avia-image-overlay-wrap'><img class='avia_image' src='\/dm-wp-content\/uploads\/Jobcenter-Ostenland-300px-107.jpg' alt='' title='Jobcenter Ostenland 300px-107' height=\"300\" width=\"400\"  itemprop=\"thumbnailUrl\"  \/><\/div><\/div><\/div><\/div><div class=\"flex_column av_one_full  flex_column_div av-zero-column-padding first  avia-builder-el-20  el_after_av_one_half  el_before_av_one_half  column-top-margin\" style='border-radius:0px; '><section class=\"av_textblock_section \"  itemscope=\"itemscope\" itemtype=\"https:\/\/schema.org\/CreativeWork\" ><div class='avia_textblock  '   itemprop=\"text\" ><p><a href=\"https:\/\/www.jobcenter-paderborn.de\/kontakt.html\">https:\/\/<span style=\"font-size: medium;\">www.jobcenter-paderborn.de\/kontakt.html<\/span><\/a><\/p>\n<\/div><\/section><\/div><div class=\"flex_column av_one_half  flex_column_div av-zero-column-padding first  avia-builder-el-22  el_after_av_one_full  el_before_av_one_half  column-top-margin\" style='border-radius:0px; '><section class=\"av_textblock_section \"  itemscope=\"itemscope\" itemtype=\"https:\/\/schema.org\/CreativeWork\" ><div class='avia_textblock  av_inherit_color '  style='color:#000000; '  itemprop=\"text\" ><p class=\"western\"><strong><span style=\"color: #000000;\"><span style=\"font-size: medium;\"><span lang=\"de-DE\">Jobcenter f\u00fcr Delbr\u00fcck und H\u00f6velhof<br \/>\nOsterloher Str. 85<br \/>\n33129 Delbr\u00fcck-Ostenland<\/span><\/span><\/span><\/strong><\/p>\n<p class=\"western\"><span style=\"font-size: medium;\">Telefonnummer: 05251 \/ 5409-663 <\/span><\/p>\n<p class=\"western\"><span style=\"color: #000000;\"><span style=\"font-size: medium;\"><span lang=\"de-DE\">05251 \/ 5409-660 <\/span><\/span><\/span><\/p>\n<p class=\"western\"><span style=\"font-size: medium;\">Fax-Nummer: 05251 5409-100<\/span><\/p>\n<\/div><\/section><\/div><div class=\"flex_column av_one_half  flex_column_div av-zero-column-padding   avia-builder-el-24  el_after_av_one_half  avia-builder-el-last  column-top-margin\" style='border-radius:0px; '><section class=\"av_textblock_section \"  itemscope=\"itemscope\" itemtype=\"https:\/\/schema.org\/CreativeWork\" ><div class='avia_textblock  '   itemprop=\"text\" ><p class=\"western\"><strong><span style=\"color: #000000;\"><span style=\"font-size: medium;\"><span lang=\"de-DE\">\u00d6ffnungszeiten:<\/span><\/span><\/span><\/strong><\/p>\n<p class=\"western\"><span style=\"font-size: medium;\">Mo. 08:30 &#8211; 12:30 Uhr <\/span><\/p>\n<p class=\"western\"><span style=\"font-size: medium;\">Di. geschlossen <\/span><\/p>\n<p class=\"western\"><span style=\"font-size: medium;\">Mi. 08:30 &#8211; 12:30 Uhr <\/span><\/p>\n<p class=\"western\"><span style=\"font-size: medium;\">Do. geschlossen <\/span><\/p>\n<p class=\"western\"><span style=\"font-size: medium;\">Fr. 08:30 &#8211; 12:30 Uhr<\/span><\/p>\n<\/div><\/section><\/div><\/p>\n","protected":false},"excerpt":{"rendered":"","protected":false},"author":1,"featured_media":0,"parent":2061,"menu_order":0,"comment_status":"closed","ping_status":"closed","template":"","meta":{"footnotes":""},"yoast_head":"<!-- This site is optimized with the Yoast SEO plugin v23.5 - https:\/\/yoast.com\/wordpress\/plugins\/seo\/ -->\n<title>Jobcenter Ostenland | Sprachkaffee<\/title>\n<meta name=\"robots\" content=\"index, follow, max-snippet:-1, max-image-preview:large, max-video-preview:-1\" \/>\n<link rel=\"canonical\" href=\"https:\/\/www.sprach-kaffee.de\/en\/was-ist-wo\/jobcenter-ostenland\/\" \/>\n<meta property=\"og:locale\" content=\"en_US\" \/>\n<meta property=\"og:type\" content=\"article\" \/>\n<meta property=\"og:title\" content=\"Jobcenter Ostenland | Sprachkaffee\" \/>\n<meta property=\"og:url\" content=\"\/en\/was-ist-wo\/jobcenter-ostenland\/\" \/>\n<meta property=\"og:site_name\" content=\"Sprachkaffee\" \/>\n<meta property=\"article:modified_time\" content=\"2019-04-18T12:20:07+00:00\" \/>\n<meta name=\"twitter:card\" content=\"summary_large_image\" \/>\n<meta name=\"twitter:label1\" content=\"Est. reading time\" \/>\n\t<meta name=\"twitter:data1\" content=\"11 minutes\" \/>\n<script type=\"application\/ld+json\" class=\"yoast-schema-graph\">{\"@context\":\"https:\/\/schema.org\",\"@graph\":[{\"@type\":\"WebPage\",\"@id\":\"\/en\/was-ist-wo\/jobcenter-ostenland\/\",\"url\":\"https:\/\/www.sprach-kaffee.de\/en\/was-ist-wo\/jobcenter-ostenland\/\",\"name\":\"Jobcenter Ostenland | Sprachkaffee\",\"isPartOf\":{\"@id\":\"https:\/\/www.sprach-kaffee.de\/en\/#website\"},\"datePublished\":\"2019-04-11T09:53:32+00:00\",\"dateModified\":\"2019-04-18T12:20:07+00:00\",\"breadcrumb\":{\"@id\":\"https:\/\/www.sprach-kaffee.de\/en\/was-ist-wo\/jobcenter-ostenland\/#breadcrumb\"},\"inLanguage\":\"en-US\",\"potentialAction\":[{\"@type\":\"ReadAction\",\"target\":[\"https:\/\/www.sprach-kaffee.de\/en\/was-ist-wo\/jobcenter-ostenland\/\"]}]},{\"@type\":\"BreadcrumbList\",\"@id\":\"https:\/\/www.sprach-kaffee.de\/en\/was-ist-wo\/jobcenter-ostenland\/#breadcrumb\",\"itemListElement\":[{\"@type\":\"ListItem\",\"position\":1,\"name\":\"Home\",\"item\":\"\/en\/startseite\/\"},{\"@type\":\"ListItem\",\"position\":2,\"name\":\"What is where\",\"item\":\"\/en\/was-ist-wo\/\"},{\"@type\":\"ListItem\",\"position\":3,\"name\":\"Jobcenter Ostenland\"}]},{\"@type\":\"WebSite\",\"@id\":\"https:\/\/www.sprach-kaffee.de\/en\/#website\",\"url\":\"https:\/\/www.sprach-kaffee.de\/en\/\",\"name\":\"Sprachkaffee\",\"description\":\"Die Integrationshilfe in H\u00f6velhof\",\"potentialAction\":[{\"@type\":\"SearchAction\",\"target\":{\"@type\":\"EntryPoint\",\"urlTemplate\":\"https:\/\/www.sprach-kaffee.de\/en\/?s={search_term_string}\"},\"query-input\":{\"@type\":\"PropertyValueSpecification\",\"valueRequired\":true,\"valueName\":\"search_term_string\"}}],\"inLanguage\":\"en-US\"}]}<\/script>\n<!-- \/ Yoast SEO plugin. -->","yoast_head_json":{"title":"Jobcenter Ostenland | Sprachkaffee","robots":{"index":"index","follow":"follow","max-snippet":"max-snippet:-1","max-image-preview":"max-image-preview:large","max-video-preview":"max-video-preview:-1"},"canonical":"https:\/\/www.sprach-kaffee.de\/en\/was-ist-wo\/jobcenter-ostenland\/","og_locale":"en_US","og_type":"article","og_title":"Jobcenter Ostenland | Sprachkaffee","og_url":"\/en\/was-ist-wo\/jobcenter-ostenland\/","og_site_name":"Sprachkaffee","article_modified_time":"2019-04-18T12:20:07+00:00","twitter_card":"summary_large_image","twitter_misc":{"Est. reading time":"11 minutes"},"schema":{"@context":"https:\/\/schema.org","@graph":[{"@type":"WebPage","@id":"\/en\/was-ist-wo\/jobcenter-ostenland\/","url":"https:\/\/www.sprach-kaffee.de\/en\/was-ist-wo\/jobcenter-ostenland\/","name":"Jobcenter Ostenland | Sprachkaffee","isPartOf":{"@id":"https:\/\/www.sprach-kaffee.de\/en\/#website"},"datePublished":"2019-04-11T09:53:32+00:00","dateModified":"2019-04-18T12:20:07+00:00","breadcrumb":{"@id":"https:\/\/www.sprach-kaffee.de\/en\/was-ist-wo\/jobcenter-ostenland\/#breadcrumb"},"inLanguage":"en-US","potentialAction":[{"@type":"ReadAction","target":["https:\/\/www.sprach-kaffee.de\/en\/was-ist-wo\/jobcenter-ostenland\/"]}]},{"@type":"BreadcrumbList","@id":"https:\/\/www.sprach-kaffee.de\/en\/was-ist-wo\/jobcenter-ostenland\/#breadcrumb","itemListElement":[{"@type":"ListItem","position":1,"name":"Home","item":"\/en\/startseite\/"},{"@type":"ListItem","position":2,"name":"What is where","item":"\/en\/was-ist-wo\/"},{"@type":"ListItem","position":3,"name":"Jobcenter Ostenland"}]},{"@type":"WebSite","@id":"https:\/\/www.sprach-kaffee.de\/en\/#website","url":"https:\/\/www.sprach-kaffee.de\/en\/","name":"Sprachkaffee","description":"Die Integrationshilfe in H\u00f6velhof","potentialAction":[{"@type":"SearchAction","target":{"@type":"EntryPoint","urlTemplate":"https:\/\/www.sprach-kaffee.de\/en\/?s={search_term_string}"},"query-input":{"@type":"PropertyValueSpecification","valueRequired":true,"valueName":"search_term_string"}}],"inLanguage":"en-US"}]}},"_links":{"self":[{"href":"https:\/\/www.sprach-kaffee.de\/en\/wp-json\/wp\/v2\/pages\/1847"}],"collection":[{"href":"https:\/\/www.sprach-kaffee.de\/en\/wp-json\/wp\/v2\/pages"}],"about":[{"href":"https:\/\/www.sprach-kaffee.de\/en\/wp-json\/wp\/v2\/types\/page"}],"author":[{"embeddable":true,"href":"https:\/\/www.sprach-kaffee.de\/en\/wp-json\/wp\/v2\/users\/1"}],"replies":[{"embeddable":true,"href":"https:\/\/www.sprach-kaffee.de\/en\/wp-json\/wp\/v2\/comments?post=1847"}],"version-history":[{"count":2,"href":"https:\/\/www.sprach-kaffee.de\/en\/wp-json\/wp\/v2\/pages\/1847\/revisions"}],"predecessor-version":[{"id":2036,"href":"https:\/\/www.sprach-kaffee.de\/en\/wp-json\/wp\/v2\/pages\/1847\/revisions\/2036"}],"up":[{"embeddable":true,"href":"https:\/\/www.sprach-kaffee.de\/en\/wp-json\/wp\/v2\/pages\/2061"}],"wp:attachment":[{"href":"https:\/\/www.sprach-kaffee.de\/en\/wp-json\/wp\/v2\/media?parent=1847"}],"curies":[{"name":"wp","href":"https:\/\/api.w.org\/{rel}","templated":true}]}}