{"id":541,"date":"2019-01-08T08:03:14","date_gmt":"2019-01-08T08:03:14","guid":{"rendered":"https:\/\/www.sprach-kaffee.de\/was-ist-wo\/aslan-lebensmittel\/"},"modified":"2019-01-08T13:43:05","modified_gmt":"2019-01-08T13:43:05","slug":"aslan-foods","status":"publish","type":"page","link":"\/en\/was-ist-wo\/aslan-foods\/","title":{"rendered":"Aslan foods"},"content":{"rendered":"<div id='av_section_1'  class='avia-section main_color avia-section-default avia-no-border-styling avia-full-stretch av-parallax-section avia-bg-style-parallax  avia-builder-el-0  el_before_av_section  avia-builder-el-first   av-minimum-height av-minimum-height-25  container_wrap fullsize' style=' '  data-section-bg-repeat='stretch' data-av_minimum_height_pc='25'><div class='av-parallax' data-avia-parallax-ratio='0.3' ><div class='av-parallax-inner main_color  avia-full-stretch' style = 'background-repeat: no-repeat; background-image: url(\/dm-wp-content\/uploads\/sprachkaffee-hoevelhof_section-1.jpg);background-attachment: scroll; background-position: bottom center; ' ><\/div><\/div><div class='container' ><main  role=\"main\" itemprop=\"mainContentOfPage\"  class='template-page content  av-content-full alpha units'><div class='post-entry post-entry-type-page post-entry-541'><div class='entry-content-wrapper clearfix'>\n<\/div><\/div><\/main><!-- close content main element --><\/div><\/div><div id='av_section_2'  class='avia-section alternate_color avia-section-default avia-no-border-styling avia-bg-style-scroll  avia-builder-el-1  el_after_av_section  el_before_av_section   container_wrap fullsize' style=' '  ><div class='container' ><div class='template-page content  av-content-full alpha units'><div class='post-entry post-entry-type-page post-entry-541'><div class='entry-content-wrapper clearfix'>\n<div class=\"flex_column av_four_fifth  av-animated-generic right-to-left  flex_column_div av-zero-column-padding first  avia-builder-el-2  el_before_av_one_fifth  avia-builder-el-first  \" style='border-radius:0px; '><section class=\"av_textblock_section \"  itemscope=\"itemscope\" itemtype=\"https:\/\/schema.org\/CreativeWork\" ><div class='avia_textblock  '   itemprop=\"text\" ><h1>Aslan Lebensmittel<\/h1>\n<\/div><\/section><\/div><div class=\"flex_column av_one_fifth  flex_column_div av-zero-column-padding   avia-builder-el-4  el_after_av_four_fifth  avia-builder-el-last  \" style='border-radius:0px; '><\/div>\n\n<\/div><\/div><\/div><!-- close content main div --><\/div><\/div><div id='av_section_3'  class='avia-section main_color avia-section-default avia-no-border-styling avia-bg-style-scroll  avia-builder-el-5  el_after_av_section  avia-builder-el-last   container_wrap fullsize' style=' '  ><div class='container' ><div class='template-page content  av-content-full alpha units'><div class='post-entry post-entry-type-page post-entry-541'><div class='entry-content-wrapper clearfix'>\n<div class=\"flex_column av_one_half  flex_column_div av-zero-column-padding first  avia-builder-el-6  el_before_av_one_half  avia-builder-el-first  \" style='border-radius:0px; '><div  class='avia-image-container  av-styling-    avia-builder-el-7  avia-builder-el-no-sibling  avia-align-center '  itemprop=\"image\" itemscope=\"itemscope\" itemtype=\"https:\/\/schema.org\/ImageObject\"  ><div class='avia-image-container-inner'><div class='avia-image-overlay-wrap'><img class='avia_image' src='\/dm-wp-content\/uploads\/20190101-Aslan-110.jpg' alt='' title='20190101 Aslan-110' height=\"300\" width=\"695\"  itemprop=\"thumbnailUrl\"  \/><\/div><\/div><\/div><\/div><div class=\"flex_column av_one_half  flex_column_div av-zero-column-padding   avia-builder-el-8  el_after_av_one_half  el_before_av_one_full  \" style='border-radius:0px; '><section class=\"av_textblock_section \"  itemscope=\"itemscope\" itemtype=\"https:\/\/schema.org\/CreativeWork\" ><div class='avia_textblock  '   itemprop=\"text\" ><p>Hier findet ihr Lebensmittel Spezialit\u00e4ten aus arabischen L\u00e4ndern, der T\u00fcrkei, Russland, Asien, Italien oder Polen.<\/p>\n<\/div><\/section><\/div><div class=\"flex_column av_one_full  flex_column_div av-zero-column-padding first  avia-builder-el-10  el_after_av_one_half  el_before_av_one_third  column-top-margin\" style='border-radius:0px; '><section class=\"av_textblock_section \"  itemscope=\"itemscope\" itemtype=\"https:\/\/schema.org\/CreativeWork\" ><div class='avia_textblock  '   itemprop=\"text\" ><p>Reis findet man gleich im Eingangsbereich in allen Varianten. Es gibt  die \u00fcblichen Packungsgr\u00f6\u00dfen, was hier aber auff\u00e4llt sind vor allem die gro\u00dfen Packungen mit mehreren Kilo Inhalt. Direkt gegen\u00fcber findet man Tee Gl\u00e4ser, Teekannen, sogar elektrische, und verschiedene weitere T\u00f6pfe und Pfannen f\u00fcr die K\u00fcche. Dazu passend ist hier auch noch die gro\u00dfe Auswahl an Teesorten zu erw\u00e4hnen, mit Packungsgr\u00f6\u00dfen von bis zu 1Kg.<\/p>\n<\/div><\/section><\/div><div class=\"flex_column av_one_third  flex_column_div av-zero-column-padding first  avia-builder-el-12  el_after_av_one_full  el_before_av_one_third  column-top-margin\" style='border-radius:0px; '><div  class='avia-image-container  av-styling-    avia-builder-el-13  avia-builder-el-no-sibling  avia-align-center '  itemprop=\"image\" itemscope=\"itemscope\" itemtype=\"https:\/\/schema.org\/ImageObject\"  ><div class='avia-image-container-inner'><div class='avia-image-overlay-wrap'><img class='avia_image' src='\/dm-wp-content\/uploads\/20190101-Aslan-101.jpg' alt='' title='20190101 Aslan-101' height=\"300\" width=\"400\"  itemprop=\"thumbnailUrl\"  \/><\/div><\/div><\/div><\/div><div class=\"flex_column av_one_third  flex_column_div av-zero-column-padding   avia-builder-el-14  el_after_av_one_third  el_before_av_one_third  column-top-margin\" style='border-radius:0px; '><div  class='avia-image-container  av-styling-    avia-builder-el-15  avia-builder-el-no-sibling  avia-align-center '  itemprop=\"image\" itemscope=\"itemscope\" itemtype=\"https:\/\/schema.org\/ImageObject\"  ><div class='avia-image-container-inner'><div class='avia-image-overlay-wrap'><img class='avia_image' src='\/dm-wp-content\/uploads\/20190101-Aslan-109.jpg' alt='' title='20190101 Aslan-109' height=\"300\" width=\"400\"  itemprop=\"thumbnailUrl\"  \/><\/div><\/div><\/div><\/div><div class=\"flex_column av_one_third  flex_column_div av-zero-column-padding   avia-builder-el-16  el_after_av_one_third  el_before_av_one_full  column-top-margin\" style='border-radius:0px; '><div  class='avia-image-container  av-styling-    avia-builder-el-17  avia-builder-el-no-sibling  avia-align-center '  itemprop=\"image\" itemscope=\"itemscope\" itemtype=\"https:\/\/schema.org\/ImageObject\"  ><div class='avia-image-container-inner'><div class='avia-image-overlay-wrap'><img class='avia_image' src='\/dm-wp-content\/uploads\/20190101-Aslan-102.jpg' alt='' title='20190101 Aslan-102' height=\"300\" width=\"400\"  itemprop=\"thumbnailUrl\"  \/><\/div><\/div><\/div><\/div><div class=\"flex_column av_one_full  flex_column_div av-zero-column-padding first  avia-builder-el-18  el_after_av_one_third  el_before_av_one_fourth  column-top-margin\" style='border-radius:0px; '><p><section class=\"av_textblock_section \"  itemscope=\"itemscope\" itemtype=\"https:\/\/schema.org\/CreativeWork\" ><div class='avia_textblock  '   itemprop=\"text\" ><p>In den darauf folgenden K\u00fchlregalen findet man verschiedene Milch und K\u00e4seprodukte aus verschiedenen L\u00e4ndern neben diversen Wurstsorten. Die Gem\u00fcse und Obstabteilung hat eine gute Auswahl.<br \/>\nDie K\u00fchltruhen enthalten unter anderem verpackte Fleisch, Nudeln und andere Tiefk\u00fchlprodukte.<br \/>\nAm Fleischtresen ist  neben Fleisch nat\u00fcrlich auch Fisch zu finden, in einem abgetrennten Bereich, sowie Schweinefleisch. Fleischbestellungen werden unter: 05254-66 35 33 angenommen.<\/p>\n<\/div><\/section><br \/>\n<section class=\"av_textblock_section \"  itemscope=\"itemscope\" itemtype=\"https:\/\/schema.org\/CreativeWork\" ><div class='avia_textblock  '   itemprop=\"text\" ><p>Die gro\u00dfe Auswahl an internationalen Gew\u00fcrzen, Konserven, Nudeln und S\u00fc\u00dfigkeiten, machen das Angebot vollst\u00e4ndig, neben den Spirituosen und Weinen.<\/p>\n<\/div><\/section><\/p><\/div><div class=\"flex_column av_one_fourth  flex_column_div av-zero-column-padding first  avia-builder-el-21  el_after_av_one_full  el_before_av_one_fourth  column-top-margin\" style='border-radius:0px; '><div  class='avia-image-container  av-styling-    avia-builder-el-22  avia-builder-el-no-sibling  avia-align-center '  itemprop=\"image\" itemscope=\"itemscope\" itemtype=\"https:\/\/schema.org\/ImageObject\"  ><div class='avia-image-container-inner'><div class='avia-image-overlay-wrap'><img class='avia_image' src='\/dm-wp-content\/uploads\/20190101-Aslan-103.jpg' alt='' title='20190101 Aslan-103' height=\"300\" width=\"400\"  itemprop=\"thumbnailUrl\"  \/><\/div><\/div><\/div><\/div><div class=\"flex_column av_one_fourth  flex_column_div av-zero-column-padding   avia-builder-el-23  el_after_av_one_fourth  el_before_av_one_fourth  column-top-margin\" style='border-radius:0px; '><div  class='avia-image-container  av-styling-    avia-builder-el-24  avia-builder-el-no-sibling  avia-align-center '  itemprop=\"image\" itemscope=\"itemscope\" itemtype=\"https:\/\/schema.org\/ImageObject\"  ><div class='avia-image-container-inner'><div class='avia-image-overlay-wrap'><img class='avia_image' src='\/dm-wp-content\/uploads\/20190101-Aslan-107.jpg' alt='' title='20190101 Aslan-107' height=\"300\" width=\"400\"  itemprop=\"thumbnailUrl\"  \/><\/div><\/div><\/div><\/div><div class=\"flex_column av_one_fourth  flex_column_div av-zero-column-padding   avia-builder-el-25  el_after_av_one_fourth  el_before_av_one_fourth  column-top-margin\" style='border-radius:0px; '><div  class='avia-image-container  av-styling-    avia-builder-el-26  avia-builder-el-no-sibling  avia-align-center '  itemprop=\"image\" itemscope=\"itemscope\" itemtype=\"https:\/\/schema.org\/ImageObject\"  ><div class='avia-image-container-inner'><div class='avia-image-overlay-wrap'><img class='avia_image' src='\/dm-wp-content\/uploads\/20190101-Aslan-104.jpg' alt='' title='20190101 Aslan-104' height=\"300\" width=\"400\"  itemprop=\"thumbnailUrl\"  \/><\/div><\/div><\/div><\/div><div class=\"flex_column av_one_fourth  flex_column_div av-zero-column-padding   avia-builder-el-27  el_after_av_one_fourth  el_before_av_one_full  column-top-margin\" style='border-radius:0px; '><div  class='avia-image-container  av-styling-    avia-builder-el-28  avia-builder-el-no-sibling  avia-align-center '  itemprop=\"image\" itemscope=\"itemscope\" itemtype=\"https:\/\/schema.org\/ImageObject\"  ><div class='avia-image-container-inner'><div class='avia-image-overlay-wrap'><img class='avia_image' src='\/dm-wp-content\/uploads\/20190101-Aslan-108.jpg' alt='' title='20190101 Aslan-108' height=\"300\" width=\"400\"  itemprop=\"thumbnailUrl\"  \/><\/div><\/div><\/div><\/div><div class=\"flex_column av_one_full  flex_column_div av-zero-column-padding first  avia-builder-el-29  el_after_av_one_fourth  el_before_av_one_half  column-top-margin\" style='border-radius:0px; '><section class=\"av_textblock_section \"  itemscope=\"itemscope\" itemtype=\"https:\/\/schema.org\/CreativeWork\" ><div class='avia_textblock  '   itemprop=\"text\" ><p>Auf der Webseite <a href=\"http:\/\/www.aslanlebensmittel.de\" target=\"_blank\" rel=\"noopener\">www.aslanlebensmittel.de<\/a> findet man immer das aktuelle Angebot.<\/p>\n<\/div><\/section><\/div><div class=\"flex_column av_one_half  flex_column_div av-zero-column-padding first  avia-builder-el-31  el_after_av_one_full  el_before_av_one_half  column-top-margin\" style='border-radius:0px; '><section class=\"av_textblock_section \"  itemscope=\"itemscope\" itemtype=\"https:\/\/schema.org\/CreativeWork\" ><div class='avia_textblock  '   itemprop=\"text\" ><p><strong>Aslan Lebensmittel GmbH<\/strong><br \/>\nDerenthalstra\u00dfe 2<br \/>\n33104 Paderborn Schlo\u00df-Neuhaus<\/p>\n<p><a href=\"mailto:info@aslanlebensmittel.de\">info@aslanlebensmittel.de<\/a><br \/>\nTel.: 05254-663531<br \/>\nFax: 05254-663532<\/p>\n<\/div><\/section><\/div><div class=\"flex_column av_one_half  flex_column_div av-zero-column-padding   avia-builder-el-33  el_after_av_one_half  avia-builder-el-last  column-top-margin\" style='border-radius:0px; '><section class=\"av_textblock_section \"  itemscope=\"itemscope\" itemtype=\"https:\/\/schema.org\/CreativeWork\" ><div class='avia_textblock  '   itemprop=\"text\" ><p><strong>\u00d6ffnungszeiten:<\/strong><br \/>\nMontag bis Freitag: 09:00 Uhr &#8211; 19:00 Uhr<br \/>\nSamstag 08:00 Uhr &#8211; 19:00 Uhr<\/p>\n<\/div><\/section><\/div>\n","protected":false},"excerpt":{"rendered":"","protected":false},"author":1,"featured_media":0,"parent":2061,"menu_order":0,"comment_status":"closed","ping_status":"closed","template":"","meta":{"footnotes":""},"yoast_head":"<!-- This site is optimized with the Yoast SEO plugin v23.5 - https:\/\/yoast.com\/wordpress\/plugins\/seo\/ -->\n<title>Aslan foods | Sprachkaffee<\/title>\n<meta name=\"robots\" content=\"index, follow, max-snippet:-1, max-image-preview:large, max-video-preview:-1\" \/>\n<link rel=\"canonical\" href=\"https:\/\/www.sprach-kaffee.de\/en\/was-ist-wo\/aslan-foods\/\" \/>\n<meta property=\"og:locale\" content=\"en_US\" \/>\n<meta property=\"og:type\" content=\"article\" \/>\n<meta property=\"og:title\" content=\"Aslan foods | Sprachkaffee\" \/>\n<meta property=\"og:url\" content=\"\/en\/was-ist-wo\/aslan-foods\/\" \/>\n<meta property=\"og:site_name\" content=\"Sprachkaffee\" \/>\n<meta property=\"article:modified_time\" content=\"2019-01-08T13:43:05+00:00\" \/>\n<meta name=\"twitter:card\" content=\"summary_large_image\" \/>\n<meta name=\"twitter:label1\" content=\"Est. reading time\" \/>\n\t<meta name=\"twitter:data1\" content=\"12 minutes\" \/>\n<script type=\"application\/ld+json\" class=\"yoast-schema-graph\">{\"@context\":\"https:\/\/schema.org\",\"@graph\":[{\"@type\":\"WebPage\",\"@id\":\"\/en\/was-ist-wo\/aslan-foods\/\",\"url\":\"https:\/\/www.sprach-kaffee.de\/en\/was-ist-wo\/aslan-foods\/\",\"name\":\"Aslan foods | Sprachkaffee\",\"isPartOf\":{\"@id\":\"https:\/\/www.sprach-kaffee.de\/en\/#website\"},\"datePublished\":\"2019-01-08T08:03:14+00:00\",\"dateModified\":\"2019-01-08T13:43:05+00:00\",\"breadcrumb\":{\"@id\":\"https:\/\/www.sprach-kaffee.de\/en\/was-ist-wo\/aslan-foods\/#breadcrumb\"},\"inLanguage\":\"en-US\",\"potentialAction\":[{\"@type\":\"ReadAction\",\"target\":[\"https:\/\/www.sprach-kaffee.de\/en\/was-ist-wo\/aslan-foods\/\"]}]},{\"@type\":\"BreadcrumbList\",\"@id\":\"https:\/\/www.sprach-kaffee.de\/en\/was-ist-wo\/aslan-foods\/#breadcrumb\",\"itemListElement\":[{\"@type\":\"ListItem\",\"position\":1,\"name\":\"Home\",\"item\":\"\/en\/startseite\/\"},{\"@type\":\"ListItem\",\"position\":2,\"name\":\"What is where\",\"item\":\"\/en\/was-ist-wo\/\"},{\"@type\":\"ListItem\",\"position\":3,\"name\":\"Aslan foods\"}]},{\"@type\":\"WebSite\",\"@id\":\"https:\/\/www.sprach-kaffee.de\/en\/#website\",\"url\":\"https:\/\/www.sprach-kaffee.de\/en\/\",\"name\":\"Sprachkaffee\",\"description\":\"Die Integrationshilfe in H\u00f6velhof\",\"potentialAction\":[{\"@type\":\"SearchAction\",\"target\":{\"@type\":\"EntryPoint\",\"urlTemplate\":\"https:\/\/www.sprach-kaffee.de\/en\/?s={search_term_string}\"},\"query-input\":{\"@type\":\"PropertyValueSpecification\",\"valueRequired\":true,\"valueName\":\"search_term_string\"}}],\"inLanguage\":\"en-US\"}]}<\/script>\n<!-- \/ Yoast SEO plugin. -->","yoast_head_json":{"title":"Aslan foods | Sprachkaffee","robots":{"index":"index","follow":"follow","max-snippet":"max-snippet:-1","max-image-preview":"max-image-preview:large","max-video-preview":"max-video-preview:-1"},"canonical":"https:\/\/www.sprach-kaffee.de\/en\/was-ist-wo\/aslan-foods\/","og_locale":"en_US","og_type":"article","og_title":"Aslan foods | Sprachkaffee","og_url":"\/en\/was-ist-wo\/aslan-foods\/","og_site_name":"Sprachkaffee","article_modified_time":"2019-01-08T13:43:05+00:00","twitter_card":"summary_large_image","twitter_misc":{"Est. reading time":"12 minutes"},"schema":{"@context":"https:\/\/schema.org","@graph":[{"@type":"WebPage","@id":"\/en\/was-ist-wo\/aslan-foods\/","url":"https:\/\/www.sprach-kaffee.de\/en\/was-ist-wo\/aslan-foods\/","name":"Aslan foods | Sprachkaffee","isPartOf":{"@id":"https:\/\/www.sprach-kaffee.de\/en\/#website"},"datePublished":"2019-01-08T08:03:14+00:00","dateModified":"2019-01-08T13:43:05+00:00","breadcrumb":{"@id":"https:\/\/www.sprach-kaffee.de\/en\/was-ist-wo\/aslan-foods\/#breadcrumb"},"inLanguage":"en-US","potentialAction":[{"@type":"ReadAction","target":["https:\/\/www.sprach-kaffee.de\/en\/was-ist-wo\/aslan-foods\/"]}]},{"@type":"BreadcrumbList","@id":"https:\/\/www.sprach-kaffee.de\/en\/was-ist-wo\/aslan-foods\/#breadcrumb","itemListElement":[{"@type":"ListItem","position":1,"name":"Home","item":"\/en\/startseite\/"},{"@type":"ListItem","position":2,"name":"What is where","item":"\/en\/was-ist-wo\/"},{"@type":"ListItem","position":3,"name":"Aslan foods"}]},{"@type":"WebSite","@id":"https:\/\/www.sprach-kaffee.de\/en\/#website","url":"https:\/\/www.sprach-kaffee.de\/en\/","name":"Sprachkaffee","description":"Die Integrationshilfe in H\u00f6velhof","potentialAction":[{"@type":"SearchAction","target":{"@type":"EntryPoint","urlTemplate":"https:\/\/www.sprach-kaffee.de\/en\/?s={search_term_string}"},"query-input":{"@type":"PropertyValueSpecification","valueRequired":true,"valueName":"search_term_string"}}],"inLanguage":"en-US"}]}},"_links":{"self":[{"href":"https:\/\/www.sprach-kaffee.de\/en\/wp-json\/wp\/v2\/pages\/541"}],"collection":[{"href":"https:\/\/www.sprach-kaffee.de\/en\/wp-json\/wp\/v2\/pages"}],"about":[{"href":"https:\/\/www.sprach-kaffee.de\/en\/wp-json\/wp\/v2\/types\/page"}],"author":[{"embeddable":true,"href":"https:\/\/www.sprach-kaffee.de\/en\/wp-json\/wp\/v2\/users\/1"}],"replies":[{"embeddable":true,"href":"https:\/\/www.sprach-kaffee.de\/en\/wp-json\/wp\/v2\/comments?post=541"}],"version-history":[{"count":2,"href":"https:\/\/www.sprach-kaffee.de\/en\/wp-json\/wp\/v2\/pages\/541\/revisions"}],"predecessor-version":[{"id":681,"href":"https:\/\/www.sprach-kaffee.de\/en\/wp-json\/wp\/v2\/pages\/541\/revisions\/681"}],"up":[{"embeddable":true,"href":"https:\/\/www.sprach-kaffee.de\/en\/wp-json\/wp\/v2\/pages\/2061"}],"wp:attachment":[{"href":"https:\/\/www.sprach-kaffee.de\/en\/wp-json\/wp\/v2\/media?parent=541"}],"curies":[{"name":"wp","href":"https:\/\/api.w.org\/{rel}","templated":true}]}}