{"id":1779,"date":"2019-04-11T09:58:04","date_gmt":"2019-04-11T09:58:04","guid":{"rendered":"https:\/\/www.sprach-kaffee.de\/was-ist-wo\/auslaenderamt\/"},"modified":"2019-04-18T07:35:37","modified_gmt":"2019-04-18T07:35:37","slug":"auslaenderamt","status":"publish","type":"page","link":"\/fr\/was-ist-wo\/auslaenderamt\/","title":{"rendered":"Bureau de l&rsquo;immigration"},"content":{"rendered":"<div id='av_section_1'  class='avia-section main_color avia-section-default avia-no-border-styling avia-bg-style-scroll  avia-builder-el-0  el_before_av_one_half  avia-builder-el-first   container_wrap fullsize' style='background-color: #877f7d;  '  ><div class='container' ><main  role=\"main\" itemprop=\"mainContentOfPage\"  class='template-page content  av-content-full alpha units'><div class='post-entry post-entry-type-page post-entry-1779'><div class='entry-content-wrapper clearfix'>\n<section class=\"av_textblock_section \"  itemscope=\"itemscope\" itemtype=\"https:\/\/schema.org\/CreativeWork\" ><div class='avia_textblock  av_inherit_color '  style='color:#ffffff; '  itemprop=\"text\" ><h1>Ausl\u00e4nderamt<\/h1>\n<h1>Kreis Paderborn<\/h1>\n<\/div><\/section>\n<\/div><\/div><\/main><!-- close content main element --><\/div><\/div><div id='after_section_1'  class='main_color av_default_container_wrap container_wrap fullsize' style=' '  ><div class='container' ><div class='template-page content  av-content-full alpha units'><div class='post-entry post-entry-type-page post-entry-1779'><div class='entry-content-wrapper clearfix'><div class=\"flex_column av_one_half  flex_column_div av-zero-column-padding first  avia-builder-el-2  el_after_av_section  el_before_av_one_half  avia-builder-el-first  \" style='border-radius:0px; '><section class=\"av_textblock_section \"  itemscope=\"itemscope\" itemtype=\"https:\/\/schema.org\/CreativeWork\" ><div class='avia_textblock  '   itemprop=\"text\" ><p>Das Ausl\u00e4nderamt ist der Ort wo Freude und Leid sehr nahe zusammen sind<\/p>\n<p>F\u00fcr die einen ist dieses der Platz wo sie ihren Aufenthaltstitel bekommen, f\u00fcr andere der Platz wo sie ihre Duldung und die Aufforderung erhalten Deutschland zu verlassen.Das Ausl\u00e4nderamt ist einfach mit dem Zug zu erreichen. Wenn man am Hauptbahnhof, aussteigt sind es nur 3 Minuten zu Fu\u00df.<\/p>\n<\/div><\/section><\/div><div class=\"flex_column av_one_half  flex_column_div av-zero-column-padding   avia-builder-el-4  el_after_av_one_half  el_before_av_one_full  \" style='border-radius:0px; '><div  class='avia-image-container  av-styling-    avia-builder-el-5  avia-builder-el-no-sibling  avia-align-center '  itemprop=\"image\" itemscope=\"itemscope\" itemtype=\"https:\/\/schema.org\/ImageObject\"  ><div class='avia-image-container-inner'><div class='avia-image-overlay-wrap'><img class='avia_image' src='\/dm-wp-content\/uploads\/Ausl\u00e4nderamt-300px-103.jpg' alt='' title='Ausl\u00e4nderamt 300px-103' height=\"300\" width=\"775\"  itemprop=\"thumbnailUrl\"  \/><\/div><\/div><\/div><\/div><div class=\"flex_column av_one_full  flex_column_div av-zero-column-padding first  avia-builder-el-6  el_after_av_one_half  el_before_av_one_third  column-top-margin\" style='border-radius:0px; '><section class=\"av_textblock_section \"  itemscope=\"itemscope\" itemtype=\"https:\/\/schema.org\/CreativeWork\" ><div class='avia_textblock  '   itemprop=\"text\" ><p class=\"western\">Gleich zu Anfang, drau\u00dfen am Eingang, ist ein Schild das klar darauf hinweist, das man nicht ohne Termin erscheinen kann. Wenn man trotzdem dort hinkommt, wird man freundlich gebeten einen Termin zu vereinbaren und weggeschickt. Termine kann man telefonisch vereinbaren oder aber man bekommt eine Einladung per Post. Es ist hier wichtig p\u00fcnktlich zu kommen, da man sonst mit sehr langen Wartezeiten rechnen muss.<\/p>\n<\/div><\/section><\/div><div class=\"flex_column av_one_third  flex_column_div av-zero-column-padding first  avia-builder-el-8  el_after_av_one_full  el_before_av_one_third  column-top-margin\" style='border-radius:0px; '><div  class='avia-image-container  av-styling-    avia-builder-el-9  avia-builder-el-no-sibling  avia-align-center '  itemprop=\"image\" itemscope=\"itemscope\" itemtype=\"https:\/\/schema.org\/ImageObject\"  ><div class='avia-image-container-inner'><div class='avia-image-overlay-wrap'><img class='avia_image' src='\/dm-wp-content\/uploads\/Ausl\u00e4nderamt-300px-104.jpg' alt='' title='Ausl\u00e4nderamt 300px-104' height=\"300\" width=\"400\"  itemprop=\"thumbnailUrl\"  \/><\/div><\/div><\/div><\/div><div class=\"flex_column av_one_third  flex_column_div av-zero-column-padding   avia-builder-el-10  el_after_av_one_third  el_before_av_one_third  column-top-margin\" style='border-radius:0px; '><div  class='avia-image-container  av-styling-    avia-builder-el-11  avia-builder-el-no-sibling  avia-align-center '  itemprop=\"image\" itemscope=\"itemscope\" itemtype=\"https:\/\/schema.org\/ImageObject\"  ><div class='avia-image-container-inner'><div class='avia-image-overlay-wrap'><img class='avia_image' src='\/dm-wp-content\/uploads\/Ausl\u00e4nderamt-300px-105.jpg' alt='' title='Ausl\u00e4nderamt 300px-105' height=\"300\" width=\"400\"  itemprop=\"thumbnailUrl\"  \/><\/div><\/div><\/div><\/div><div class=\"flex_column av_one_third  flex_column_div av-zero-column-padding   avia-builder-el-12  el_after_av_one_third  el_before_av_one_full  column-top-margin\" style='border-radius:0px; '><div  class='avia-image-container  av-styling-    avia-builder-el-13  avia-builder-el-no-sibling  avia-align-center '  itemprop=\"image\" itemscope=\"itemscope\" itemtype=\"https:\/\/schema.org\/ImageObject\"  ><div class='avia-image-container-inner'><div class='avia-image-overlay-wrap'><img class='avia_image' src='\/dm-wp-content\/uploads\/Ausl\u00e4nderamt-300px-106.jpg' alt='' title='Ausl\u00e4nderamt 300px-106' height=\"300\" width=\"400\"  itemprop=\"thumbnailUrl\"  \/><\/div><\/div><\/div><\/div><div class=\"flex_column av_one_full  flex_column_div av-zero-column-padding first  avia-builder-el-14  el_after_av_one_third  el_before_av_one_fourth  column-top-margin\" style='border-radius:0px; '><section class=\"av_textblock_section \"  itemscope=\"itemscope\" itemtype=\"https:\/\/schema.org\/CreativeWork\" ><div class='avia_textblock  '   itemprop=\"text\" ><p class=\"western\">Nach dem Betreten des Geb\u00e4udes ist rechts der Wartebereich. Man geht dort einfach rein, stellt sich an das Fenster und wartet bis einer der Mitarbeiter das Fenster \u00f6ffnet. Um Verwechselungen beim Namen zu vermeiden, macht es Sinn, die Einladung vorzulegen oder aber den Ausweis, die Gestattung oder die Duldung.<\/p>\n<p class=\"western\">Nach der \u00dcberpr\u00fcfung ob man einen Termin hat, erh\u00e4lt man eine Wartenummer. Mit dieser\u00a0Nummer setzt man sich dann in den Wartebereich und wartet darauf, das die Nummer auf dem Fernseher erscheint.<\/p>\n<\/div><\/section><\/div><div class=\"flex_column av_one_fourth  flex_column_div av-zero-column-padding first  avia-builder-el-16  el_after_av_one_full  el_before_av_one_fourth  column-top-margin\" style='border-radius:0px; '><div  class='avia-image-container  av-styling-    avia-builder-el-17  avia-builder-el-no-sibling  avia-align-center '  itemprop=\"image\" itemscope=\"itemscope\" itemtype=\"https:\/\/schema.org\/ImageObject\"  ><div class='avia-image-container-inner'><div class='avia-image-overlay-wrap'><img class='avia_image' src='\/dm-wp-content\/uploads\/Ausl\u00e4nderamt-300px-107.jpg' alt='' title='Ausl\u00e4nderamt 300px-107' height=\"300\" width=\"400\"  itemprop=\"thumbnailUrl\"  \/><\/div><\/div><\/div><\/div><div class=\"flex_column av_one_fourth  flex_column_div av-zero-column-padding   avia-builder-el-18  el_after_av_one_fourth  el_before_av_one_fourth  column-top-margin\" style='border-radius:0px; '><div  class='avia-image-container  av-styling-    avia-builder-el-19  avia-builder-el-no-sibling  avia-align-center '  itemprop=\"image\" itemscope=\"itemscope\" itemtype=\"https:\/\/schema.org\/ImageObject\"  ><div class='avia-image-container-inner'><div class='avia-image-overlay-wrap'><img class='avia_image' src='\/dm-wp-content\/uploads\/Ausl\u00e4nderamt-300px-109.jpg' alt='' title='Ausl\u00e4nderamt 300px-109' height=\"300\" width=\"400\"  itemprop=\"thumbnailUrl\"  \/><\/div><\/div><\/div><\/div><div class=\"flex_column av_one_fourth  flex_column_div av-zero-column-padding   avia-builder-el-20  el_after_av_one_fourth  el_before_av_one_fourth  column-top-margin\" style='border-radius:0px; '><div  class='avia-image-container  av-styling-    avia-builder-el-21  avia-builder-el-no-sibling  avia-align-center '  itemprop=\"image\" itemscope=\"itemscope\" itemtype=\"https:\/\/schema.org\/ImageObject\"  ><div class='avia-image-container-inner'><div class='avia-image-overlay-wrap'><img class='avia_image' src='\/dm-wp-content\/uploads\/Ausl\u00e4nderamt-300px-110.jpg' alt='' title='Ausl\u00e4nderamt 300px-110' height=\"300\" width=\"400\"  itemprop=\"thumbnailUrl\"  \/><\/div><\/div><\/div><\/div><div class=\"flex_column av_one_fourth  flex_column_div av-zero-column-padding   avia-builder-el-22  el_after_av_one_fourth  el_before_av_one_full  column-top-margin\" style='border-radius:0px; '><div  class='avia-image-container  av-styling-    avia-builder-el-23  avia-builder-el-no-sibling  avia-align-center '  itemprop=\"image\" itemscope=\"itemscope\" itemtype=\"https:\/\/schema.org\/ImageObject\"  ><div class='avia-image-container-inner'><div class='avia-image-overlay-wrap'><img class='avia_image' src='\/dm-wp-content\/uploads\/Ausl\u00e4nderamt-300px-111.jpg' alt='' title='Ausl\u00e4nderamt 300px-111' height=\"300\" width=\"400\"  itemprop=\"thumbnailUrl\"  \/><\/div><\/div><\/div><\/div><div class=\"flex_column av_one_full  flex_column_div av-zero-column-padding first  avia-builder-el-24  el_after_av_one_fourth  el_before_av_one_half  column-top-margin\" style='border-radius:0px; '><section class=\"av_textblock_section \"  itemscope=\"itemscope\" itemtype=\"https:\/\/schema.org\/CreativeWork\" ><div class='avia_textblock  '   itemprop=\"text\" ><p><a href=\"https:\/\/www.kreis-paderborn.de\/kreis_paderborn\/buergerservice\/lebenslagen\/dienstleistungen\/32-auslaenderangelegenheiten.php\">https:\/\/www.kreis-paderborn.de\/kreis_paderborn\/buergerservice\/lebenslagen\/dienstleistungen\/32-auslaenderangelegenheiten.php<\/a><\/p>\n<\/div><\/section><\/div><div class=\"flex_column av_one_half  flex_column_div av-zero-column-padding first  avia-builder-el-26  el_after_av_one_full  el_before_av_one_half  column-top-margin\" style='border-radius:0px; '><section class=\"av_textblock_section \"  itemscope=\"itemscope\" itemtype=\"https:\/\/schema.org\/CreativeWork\" ><div class='avia_textblock  '   itemprop=\"text\" ><p class=\"western\">Ordnungsamt<\/p>\n<p class=\"western\">Ausl\u00e4nderangelegenheiten<\/p>\n<p class=\"western\"><strong>Au\u00dfenstelle <\/strong><\/p>\n<p class=\"western\"><strong>Bahnhofstr. 25, Erdgeschoss <\/strong><\/p>\n<p class=\"western\"><strong>33102 Paderborn <\/strong><\/p>\n<p class=\"western\">Tel.: 05251 308 &#8211; 3205<br \/>\nFax: 05251 308 &#8211; 3298<\/p>\n<\/div><\/section><\/div><div class=\"flex_column av_one_half  flex_column_div av-zero-column-padding   avia-builder-el-28  el_after_av_one_half  avia-builder-el-last  column-top-margin\" style='border-radius:0px; '><section class=\"av_textblock_section \"  itemscope=\"itemscope\" itemtype=\"https:\/\/schema.org\/CreativeWork\" ><div class='avia_textblock  '   itemprop=\"text\" ><p class=\"western\"><strong>\u00d6ffnungszeiten:<\/strong><\/p>\n<p class=\"western\">Montag: 08.30\u201312.00 Uhr<\/p>\n<p class=\"western\">Dienstag: 08.30\u201312.00 Uhr<\/p>\n<p class=\"western\">Mittwoch: 08.30\u201312.00 Uhr<\/p>\n<p class=\"western\">Donnerstag: 08.30\u201312.00 Uhr<\/p>\n<p class=\"western\">14.00\u201318.00 Uhr<\/p>\n<p class=\"western\">Freitag: 08.30\u201312.00 Uhr<\/p>\n<p class=\"western\">Nicht ohne Termin kommen!<\/p>\n<\/div><\/section><\/div><\/p>\n","protected":false},"excerpt":{"rendered":"","protected":false},"author":1,"featured_media":0,"parent":520,"menu_order":0,"comment_status":"closed","ping_status":"closed","template":"","meta":{"footnotes":""},"yoast_head":"<!-- This site is optimized with the Yoast SEO plugin v23.5 - https:\/\/yoast.com\/wordpress\/plugins\/seo\/ -->\n<title>Bureau de l&#039;immigration | Sprachkaffee<\/title>\n<meta name=\"robots\" content=\"index, follow, max-snippet:-1, max-image-preview:large, max-video-preview:-1\" \/>\n<link rel=\"canonical\" href=\"https:\/\/www.sprach-kaffee.de\/fr\/was-ist-wo\/auslaenderamt\/\" \/>\n<meta property=\"og:locale\" content=\"fr_FR\" \/>\n<meta property=\"og:type\" content=\"article\" \/>\n<meta property=\"og:title\" content=\"Bureau de l&#039;immigration | Sprachkaffee\" \/>\n<meta property=\"og:url\" content=\"\/fr\/was-ist-wo\/auslaenderamt\/\" \/>\n<meta property=\"og:site_name\" content=\"Sprachkaffee\" \/>\n<meta property=\"article:modified_time\" content=\"2019-04-18T07:35:37+00:00\" \/>\n<meta name=\"twitter:card\" content=\"summary_large_image\" \/>\n<meta name=\"twitter:label1\" content=\"Dur\u00e9e de lecture estim\u00e9e\" \/>\n\t<meta name=\"twitter:data1\" content=\"13 minutes\" \/>\n<script type=\"application\/ld+json\" class=\"yoast-schema-graph\">{\"@context\":\"https:\/\/schema.org\",\"@graph\":[{\"@type\":\"WebPage\",\"@id\":\"\/fr\/was-ist-wo\/auslaenderamt\/\",\"url\":\"https:\/\/www.sprach-kaffee.de\/fr\/was-ist-wo\/auslaenderamt\/\",\"name\":\"Bureau de l'immigration | Sprachkaffee\",\"isPartOf\":{\"@id\":\"https:\/\/www.sprach-kaffee.de\/fr\/#website\"},\"datePublished\":\"2019-04-11T09:58:04+00:00\",\"dateModified\":\"2019-04-18T07:35:37+00:00\",\"breadcrumb\":{\"@id\":\"https:\/\/www.sprach-kaffee.de\/fr\/was-ist-wo\/auslaenderamt\/#breadcrumb\"},\"inLanguage\":\"fr-FR\",\"potentialAction\":[{\"@type\":\"ReadAction\",\"target\":[\"https:\/\/www.sprach-kaffee.de\/fr\/was-ist-wo\/auslaenderamt\/\"]}]},{\"@type\":\"BreadcrumbList\",\"@id\":\"https:\/\/www.sprach-kaffee.de\/fr\/was-ist-wo\/auslaenderamt\/#breadcrumb\",\"itemListElement\":[{\"@type\":\"ListItem\",\"position\":1,\"name\":\"Home\",\"item\":\"\/fr\/\"},{\"@type\":\"ListItem\",\"position\":2,\"name\":\"Qu&rsquo;est-ce que c&rsquo;est o\u00f9\",\"item\":\"\/fr\/was-ist-wo\/\"},{\"@type\":\"ListItem\",\"position\":3,\"name\":\"Bureau de l&#8217;immigration\"}]},{\"@type\":\"WebSite\",\"@id\":\"https:\/\/www.sprach-kaffee.de\/fr\/#website\",\"url\":\"https:\/\/www.sprach-kaffee.de\/fr\/\",\"name\":\"Sprachkaffee\",\"description\":\"Die Integrationshilfe in H\u00f6velhof\",\"potentialAction\":[{\"@type\":\"SearchAction\",\"target\":{\"@type\":\"EntryPoint\",\"urlTemplate\":\"https:\/\/www.sprach-kaffee.de\/fr\/?s={search_term_string}\"},\"query-input\":{\"@type\":\"PropertyValueSpecification\",\"valueRequired\":true,\"valueName\":\"search_term_string\"}}],\"inLanguage\":\"fr-FR\"}]}<\/script>\n<!-- \/ Yoast SEO plugin. -->","yoast_head_json":{"title":"Bureau de l'immigration | Sprachkaffee","robots":{"index":"index","follow":"follow","max-snippet":"max-snippet:-1","max-image-preview":"max-image-preview:large","max-video-preview":"max-video-preview:-1"},"canonical":"https:\/\/www.sprach-kaffee.de\/fr\/was-ist-wo\/auslaenderamt\/","og_locale":"fr_FR","og_type":"article","og_title":"Bureau de l'immigration | Sprachkaffee","og_url":"\/fr\/was-ist-wo\/auslaenderamt\/","og_site_name":"Sprachkaffee","article_modified_time":"2019-04-18T07:35:37+00:00","twitter_card":"summary_large_image","twitter_misc":{"Dur\u00e9e de lecture estim\u00e9e":"13 minutes"},"schema":{"@context":"https:\/\/schema.org","@graph":[{"@type":"WebPage","@id":"\/fr\/was-ist-wo\/auslaenderamt\/","url":"https:\/\/www.sprach-kaffee.de\/fr\/was-ist-wo\/auslaenderamt\/","name":"Bureau de l'immigration | Sprachkaffee","isPartOf":{"@id":"https:\/\/www.sprach-kaffee.de\/fr\/#website"},"datePublished":"2019-04-11T09:58:04+00:00","dateModified":"2019-04-18T07:35:37+00:00","breadcrumb":{"@id":"https:\/\/www.sprach-kaffee.de\/fr\/was-ist-wo\/auslaenderamt\/#breadcrumb"},"inLanguage":"fr-FR","potentialAction":[{"@type":"ReadAction","target":["https:\/\/www.sprach-kaffee.de\/fr\/was-ist-wo\/auslaenderamt\/"]}]},{"@type":"BreadcrumbList","@id":"https:\/\/www.sprach-kaffee.de\/fr\/was-ist-wo\/auslaenderamt\/#breadcrumb","itemListElement":[{"@type":"ListItem","position":1,"name":"Home","item":"\/fr\/"},{"@type":"ListItem","position":2,"name":"Qu&rsquo;est-ce que c&rsquo;est o\u00f9","item":"\/fr\/was-ist-wo\/"},{"@type":"ListItem","position":3,"name":"Bureau de l&#8217;immigration"}]},{"@type":"WebSite","@id":"https:\/\/www.sprach-kaffee.de\/fr\/#website","url":"https:\/\/www.sprach-kaffee.de\/fr\/","name":"Sprachkaffee","description":"Die Integrationshilfe in H\u00f6velhof","potentialAction":[{"@type":"SearchAction","target":{"@type":"EntryPoint","urlTemplate":"https:\/\/www.sprach-kaffee.de\/fr\/?s={search_term_string}"},"query-input":{"@type":"PropertyValueSpecification","valueRequired":true,"valueName":"search_term_string"}}],"inLanguage":"fr-FR"}]}},"_links":{"self":[{"href":"https:\/\/www.sprach-kaffee.de\/fr\/wp-json\/wp\/v2\/pages\/1779"}],"collection":[{"href":"https:\/\/www.sprach-kaffee.de\/fr\/wp-json\/wp\/v2\/pages"}],"about":[{"href":"https:\/\/www.sprach-kaffee.de\/fr\/wp-json\/wp\/v2\/types\/page"}],"author":[{"embeddable":true,"href":"https:\/\/www.sprach-kaffee.de\/fr\/wp-json\/wp\/v2\/users\/1"}],"replies":[{"embeddable":true,"href":"https:\/\/www.sprach-kaffee.de\/fr\/wp-json\/wp\/v2\/comments?post=1779"}],"version-history":[{"count":2,"href":"https:\/\/www.sprach-kaffee.de\/fr\/wp-json\/wp\/v2\/pages\/1779\/revisions"}],"predecessor-version":[{"id":1788,"href":"https:\/\/www.sprach-kaffee.de\/fr\/wp-json\/wp\/v2\/pages\/1779\/revisions\/1788"}],"up":[{"embeddable":true,"href":"https:\/\/www.sprach-kaffee.de\/fr\/wp-json\/wp\/v2\/pages\/520"}],"wp:attachment":[{"href":"https:\/\/www.sprach-kaffee.de\/fr\/wp-json\/wp\/v2\/media?parent=1779"}],"curies":[{"name":"wp","href":"https:\/\/api.w.org\/{rel}","templated":true}]}}